{"id":875,"date":"2021-07-28T13:10:50","date_gmt":"2021-07-28T11:10:50","guid":{"rendered":"https:\/\/d.r1.wbsprt.com\/spnz.sk\/?page_id=875"},"modified":"2025-10-07T08:43:19","modified_gmt":"2025-10-07T06:43:19","slug":"historia","status":"publish","type":"page","link":"https:\/\/d.r1.wbsprt.com\/spnz.sk\/historia\/","title":{"rendered":"HIST\u00d3RIA"},"content":{"rendered":"<div class=\"history-timeline\">\n<h2 class=\"text-center\">HIST\u00d3RIA<\/h2>\n<div class=\"cool-timeline\">\n<div class=\"timeline-post even\">\n<p><span class=\"year-badge\"><br \/>\n1919<br \/>\n<\/span><\/p>\n<div class=\"timeline-content\">\n<h2 class=\"content-title\">Vznik PVS<\/h2>\n<p class=\"content-description\">\u25aa Vznik Plyn\u00e1rensk\u00e9ho a vod\u00e1rensk\u00e9ho zdru\u017eenia \u010deskoslovensk\u00e9ho (PVS) v Prahe. Prv\u00fdm prezidentom PVS sa stal Ing. V. Vaigl<\/p>\n<\/div>\n<\/div>\n<div class=\"timeline-post odd\">\n<p><span class=\"year-badge\"><br \/>\n1929<br \/>\n<\/span><\/p>\n<div class=\"timeline-content\">\n<h2 class=\"content-title\">Idea vytvorenia IGU<\/h2>\n<p class=\"content-description\">\u25aa Idea vytvorenia Medzin\u00e1rodnej plyn\u00e1renskej \u00fanie (IGU) na p\u00f4de vtedaj\u0161ej franc\u00fazskej plyn\u00e1renskej asoci\u00e1cie l\u00b4Union Syndicale de l\u00b4Industrie du Gas i za \u00fa\u010dasti \u010ds. z\u00e1stupcov z PSV<\/p>\n<\/div>\n<\/div>\n<div class=\"timeline-post even\">\n<p><span class=\"year-badge\"><br \/>\n1931<br \/>\n<\/span><\/p>\n<div class=\"timeline-content\">\n<h2 class=\"content-title\">IGU a konferencia<\/h2>\n<p class=\"content-description\">\u25aa <b>M\u00e1j<\/b> &#8211; ustanovenie do\u010dasn\u00e9ho v\u00fdboru IGU za \u00fa\u010dasti deleg\u00e1tov z 23 kraj\u00edn. Doc. Dr. Ing. Tom\u00e1\u0161 Kecl\u00edk bol zvolen\u00fd za do\u010dasn\u00e9ho viceprezidenta IGU<br \/>\n\u25aa <b>J\u00fan<\/b> &#8211; I. medzin\u00e1rodn\u00e1 plyn\u00e1rensk\u00e1 konferencia v Lond\u00fdne, na ktorej bolo ofici\u00e1lne zalo\u017een\u00e9 IGU<\/p>\n<\/div>\n<\/div>\n<div class=\"timeline-post odd\">\n<p><span class=\"year-badge\"><br \/>\n1938<br \/>\n<\/span><\/p>\n<div class=\"timeline-content\">\n<h2 class=\"content-title\">Utlmenie zv\u00e4zovej \u010dinnosti<\/h2>\n<p class=\"content-description\">\u25aa Utlmenie zv\u00e4zovej \u010dinnosti, organizovanie iba v\u00fdro\u010dn\u00fdch valn\u00fdch zhroma\u017eden\u00ed<\/p>\n<\/div>\n<\/div>\n<div class=\"timeline-post even\">\n<p><span class=\"year-badge\"><br \/>\n1945<br \/>\n<\/span><\/p>\n<div class=\"timeline-content\">\n<h2 class=\"content-title\">Obnovenie \u010dinnosti PVS<\/h2>\n<p class=\"content-description\">\u25aa Obnovenie \u010dinnosti PVS prv\u00fdm valn\u00fdm zhroma\u017eden\u00edm po vojne v Prahe<\/p>\n<\/div>\n<\/div>\n<div class=\"timeline-post odd\">\n<p><span class=\"year-badge\"><br \/>\n1951<br \/>\n<\/span><\/p>\n<div class=\"timeline-content\">\n<h2 class=\"content-title\">Administrat\u00edvne ukon\u010denie \u010dinnosti PVS<\/h2>\n<p class=\"content-description\">\u25aa Administrat\u00edvne ukon\u010denie \u010dinnosti PVS a prevedenie \u010dasti aktiv\u00edt do Plyn\u00e1renskej spolo\u010dnosti \u010cSVTS<\/p>\n<\/div>\n<\/div>\n<div class=\"timeline-post even\">\n<p><span class=\"year-badge\"><br \/>\n1989<br \/>\n<\/span><\/p>\n<div class=\"timeline-content\">\n<h2 class=\"content-title\">Obnovenie \u010dinnosti<\/h2>\n<p class=\"content-description\">\u25aa Obnovenie \u010dinnosti formou nez\u00e1visl\u00e9ho odborn\u00e9ho zdru\u017eenia, zvolanie ustanovuj\u00faceho zjazdu \u010ceskoslovensk\u00e9ho plyn\u00e1rensk\u00e9ho zv\u00e4zu<\/p>\n<\/div>\n<\/div>\n<div class=\"timeline-post odd\">\n<p><span class=\"year-badge\"><br \/>\n1990<br \/>\n<\/span><\/p>\n<div class=\"timeline-content\">\n<h2 class=\"content-title\">I. zjazd<\/h2>\n<p class=\"content-description\">\u25aa I. zjazd \u010ceskoslovensk\u00e9ho plyn\u00e1rensk\u00e9ho zv\u00e4zu v Prahe<\/p>\n<\/div>\n<\/div>\n<div class=\"timeline-post even\">\n<p><span class=\"year-badge\"><br \/>\n1991<br \/>\n<\/span><\/p>\n<div class=\"timeline-content\">\n<h2 class=\"content-title\">Prijatie \u010cSPZ do IGU<\/h2>\n<p class=\"content-description\">\u25aa Prijatie \u010cSPZ do IGU ako z\u00e1stupcu \u010cesko-slovenskej federat\u00edvnej republiky<\/p>\n<\/div>\n<\/div>\n<div class=\"timeline-post odd\">\n<p><span class=\"year-badge\"><br \/>\n1992<br \/>\n<\/span><\/p>\n<div class=\"timeline-content\">\n<h2 class=\"content-title\">II. zjazd<\/h2>\n<p class=\"content-description\">\u25aa II. zjazd \u010ceskoslovensk\u00e9ho plyn\u00e1rensk\u00e9ho a naftov\u00e9ho zv\u00e4zu v Bratislave, \u010dinnos\u0165 pobo\u010diek \u010cSPNZ plyn\u00e1rensk\u00fdch z\u00e1vodov (za prezidenta bol zvolen\u00fd Tom\u00e1\u0161 Tich\u00fd)<\/p>\n<\/div>\n<\/div>\n<div class=\"timeline-post even\">\n<p><span class=\"year-badge\"><br \/>\n1993<br \/>\n<\/span><\/p>\n<div class=\"timeline-content\">\n<h2 class=\"content-title\">Rozdelenie a vznik SPNZ<\/h2>\n<p class=\"content-description\">\u25aa Rozdelenie na dva n\u00e1rodn\u00e9 zv\u00e4zy &#8211; \u010desk\u00fd a slovensk\u00fd, vznik Slovensk\u00e9ho plyn\u00e1rensk\u00e9ho a naftov\u00e9ho zv\u00e4zu, potvrdenie kontinu\u00e1lneho \u010dlenstva<br \/>\n\u25aa Prijatie SPNZ do IGU<br \/>\n\u25aa Mimoriadny (ustanovuj\u00faci) zjazd SPNZ v Poprade<\/p>\n<\/div>\n<\/div>\n<div class=\"timeline-post odd\">\n<p><span class=\"year-badge\"><br \/>\n1994<br \/>\n<\/span><\/p>\n<div class=\"timeline-content\">\n<h2 class=\"content-title\">I. riadny zjazd SPNZ<\/h2>\n<p class=\"content-description\">\u25aa I. riadny zjazd SPNZ v Bratislav<br \/>\n\u25aa \u00da\u010das\u0165 z\u00e1stupcov SPNZ na 19. Svetovom plyn\u00e1renskom kongrese v Mil\u00e1ne<\/p>\n<\/div>\n<\/div>\n<div class=\"timeline-post even\">\n<p><span class=\"year-badge\"><br \/>\n1997<br \/>\n<\/span><\/p>\n<div class=\"timeline-content\">\n<h2 class=\"content-title\">II. riadny zjazd SPNZ<\/h2>\n<p class=\"content-description\">\u25aa II. riadny zjazd SPNZ v Liptovskom J\u00e1ne<br \/>\n\u25aa \u00da\u010das\u0165 z\u00e1stupcov a predstavenie expoz\u00edcie slovensk\u00e9ho plyn\u00e1renstva na 20. Svetovom plyn\u00e1renskom kongrese v Kodani<\/p>\n<\/div>\n<\/div>\n<div class=\"timeline-post odd\">\n<p><span class=\"year-badge\"><br \/>\n2000<br \/>\n<\/span><\/p>\n<div class=\"timeline-content\">\n<h2 class=\"content-title\">III. riadny Snem SPNZ<\/h2>\n<p class=\"content-description\">\u25aa III. riadny Snem SPNZ v Bratislave<br \/>\n\u25aa \u00da\u010das\u0165 z\u00e1stupcov na 21. Svetovom plyn\u00e1renskom kongrese v Nice<br \/>\n\u25aa SPNZ sa st\u00e1va \u010dlenom DVGW podpisom \u010dlenstva v Nice<\/p>\n<\/div>\n<\/div>\n<div class=\"timeline-post even\">\n<p><span class=\"year-badge\"><br \/>\n2001<br \/>\n<\/span><\/p>\n<div class=\"timeline-content\">\n<h2 class=\"content-title\">Zalo\u017eenie dc\u00e9rskej spolo\u010dnosti<\/h2>\n<p class=\"content-description\">\u25aa Zalo\u017eenie 100 % dc\u00e9rskej spolo\u010dnosti Slovenskej plyn\u00e1renskej agent\u00fary, s.r.o. na zabezpe\u010dovanie spolo\u010dn\u00fdch \u010dinnost\u00ed v plyn\u00e1renstve<\/p>\n<\/div>\n<\/div>\n<div class=\"timeline-post odd\">\n<p><span class=\"year-badge\"><br \/>\n2003<br \/>\n<\/span><\/p>\n<div class=\"timeline-content\">\n<h2 class=\"content-title\">IV. riadny Snem SPNZ<\/h2>\n<p class=\"content-description\">\u25aa IV. riadny Snem SPNZ v Bratislave<br \/>\n\u25aa \u00da\u010das\u0165 z\u00e1stupcov SPNZ na 22. Svetovom plyn\u00e1renskom kongrese v Tokiu<\/p>\n<\/div>\n<\/div>\n<div class=\"timeline-post even\">\n<p><span class=\"year-badge\"><br \/>\n2006<br \/>\n<\/span><\/p>\n<div class=\"timeline-content\">\n<h2 class=\"content-title\">V. riadny Snem SPNZ<\/h2>\n<p class=\"content-description\">\u25aa V. riadny Snem SPNZ vo Vysok\u00fdch Tatr\u00e1ch na \u0160trbskom Plese<br \/>\n\u25aa \u00da\u010das\u0165 z\u00e1stupcov SPNZ na 23. Svetovom plyn\u00e1renskom kongrese v Amsterdame<\/p>\n<\/div>\n<\/div>\n<div class=\"timeline-post odd\">\n<p><span class=\"year-badge\"><br \/>\n2008<br \/>\n<\/span><\/p>\n<div class=\"timeline-content\">\n<h2 class=\"content-title\">Stretnutie predstavite\u013eov SPNZ<\/h2>\n<p class=\"content-description\">\u25aa Stretnutie predstavite\u013eov SPNZ s eurokomis\u00e1rom J\u00e1nom Fige\u013eom na p\u00f4de Eur\u00f3pskej komisie v Bruseli<\/p>\n<\/div>\n<\/div>\n<div class=\"timeline-post even\">\n<p><span class=\"year-badge\"><br \/>\n2009<br \/>\n<\/span><\/p>\n<div class=\"timeline-content\">\n<h2 class=\"content-title\">1. ofici\u00e1lne stretnutie predstavite\u013eov V4<\/h2>\n<p class=\"content-description\">\u25aa 1. ofici\u00e1lne stretnutie predstavite\u013eov plyn\u00e1rensk\u00fdch zv\u00e4zov kraj\u00edn V4 v Bratislave<br \/>\n\u25aa VI. riadny snem SPNZ v Bratislave<br \/>\n\u25aa \u00da\u010das\u0165 z\u00e1stupcov SPNZ na 24. Svetovom plyn\u00e1renskom kongrese v Buenos Aires<\/p>\n<\/div>\n<\/div>\n<div class=\"timeline-post odd\">\n<p><span class=\"year-badge\"><br \/>\n2012<br \/>\n<\/span><\/p>\n<div class=\"timeline-content\">\n<h2 class=\"content-title\">VII. riadny Snem SPNZ<\/h2>\n<p class=\"content-description\">\u25aa VII. riadny Snem SPNZ v Hornom Smokovci<br \/>\n\u25aa \u00da\u010das\u0165 a vyst\u00fapenia z\u00e1stupcov SPNZ na 25. Svetovom plyn\u00e1renskom kongrese v Kuala Lumpur<\/p>\n<\/div>\n<\/div>\n<div class=\"timeline-post even\">\n<p><span class=\"year-badge\"><br \/>\n2013<br \/>\n<\/span><\/p>\n<div class=\"timeline-content\">\n<h2 class=\"content-title\">N\u00e1v\u0161teva prezidenta IGU<\/h2>\n<p class=\"content-description\">\u25aa N\u00e1v\u0161teva prezidenta IGU p. Jeroma Ferriera na Slovensku<\/p>\n<\/div>\n<\/div>\n<div class=\"timeline-post odd\">\n<p><span class=\"year-badge\"><br \/>\n2015<br \/>\n<\/span><\/p>\n<div class=\"timeline-content\">\n<h2 class=\"content-title\">VIII. riadny Snem SPNZ<\/h2>\n<p class=\"content-description\">\u25aa VIII. riadny Snem SPNZ v Hornom Smokovci<br \/>\n\u25aa \u00da\u010das\u0165 a vyst\u00fapenia z\u00e1stupcov SPNZ na 25. Svetovom plyn\u00e1renskom kongrese v Par\u00ed\u017ei<\/p>\n<\/div>\n<\/div>\n<div class=\"timeline-post even\">\n<p><span class=\"year-badge\"><br \/>\n2016<br \/>\n<\/span><\/p>\n<div class=\"timeline-content\">\n<h2 class=\"content-title\">N\u00e1v\u0161teva prezidenta IGU<\/h2>\n<p class=\"content-description\">\u25aa Prezident IGU David C. Carroll nav\u0161t\u00edvil Slovensko v apr\u00edli 2016<\/p>\n<\/div>\n<\/div>\n<div class=\"timeline-post odd\">\n<p><span class=\"year-badge\"><br \/>\n2018<br \/>\n<\/span><\/p>\n<div class=\"timeline-content\">\n<h2 class=\"content-title\">IX. riadny Snem SPNZ<\/h2>\n<p class=\"content-description\">\u25aa IX. riadny Snem SPNZ v Hornom Smokovci<br \/>\n\u25aa \u00da\u010das\u0165 a vyst\u00fapenia z\u00e1stupcov SPNZ na 27. Svetovom plyn\u00e1renskom kongrese vo Washingtone<\/p>\n<\/div>\n<\/div>\n<div class=\"timeline-post even\">\n<p><span class=\"year-badge\"><br \/>\n2022<br \/>\n<\/span><\/p>\n<div class=\"timeline-content\">\n<h2 class=\"content-title\">X. riadny Snem SPNZ IGU<\/h2>\n<p class=\"content-description\">\u25aa X. riadny SNEM SPNZ<br \/>\n\u25aa 28. Svetov\u00fd plyn\u00e1rensk\u00fd kongres v Ju\u017enej K\u00f3rei<\/p>\n<\/div>\n<\/div>\n<div class=\"timeline-post odd\">\n<p><span class=\"year-badge\"><br \/>\n2025<br \/>\n<\/span><\/p>\n<div class=\"timeline-content\">\n<h2 class=\"content-title\">XI. riadny Snem SPNZ<\/h2>\n<p class=\"content-description\">\u25aa XI. riadny Snem SPNZ v Hornom Smokovci<br \/>\n\u25aa \u00da\u010das\u0165 a vyst\u00fapenia z\u00e1stupcov SPNZ na 29. Svetovom plyn\u00e1renskom kongrese v Pekingu<\/p>\n<\/div>\n<p class=\"content-description\">\n<\/div>\n<\/div>\n<\/div>\n<h2 style=\"margin-top: 2rem;\">Prezidenti SPNZ<\/h2>\n<p>\u25aa 1993 &#8211; 2000 Peter Ba\u010do<br \/>\n\u25aa 2000 &#8211; 2015 Ing. Pavol Jano\u010dko<br \/>\n\u25aa 2015 &#8211; 2022 Ing. Tom\u00e1\u0161 Malatinsk\u00fd, MBA<br \/>\n\u25aa od septembra 2022 Ing. Rastislav \u0147ukovi\u010d<\/p>\n<\/div>\n","protected":false},"excerpt":{"rendered":"<p>HIST\u00d3RIA 1919 Vznik PVS \u25aa Vznik Plyn\u00e1rensk\u00e9ho a vod\u00e1rensk\u00e9ho zdru\u017eenia \u010deskoslovensk\u00e9ho (PVS) v Prahe. Prv\u00fdm prezidentom PVS sa stal Ing. V. Vaigl 1929 Idea vytvorenia IGU \u25aa Idea vytvorenia Medzin\u00e1rodnej [&#8230;]\n","protected":false},"author":1,"featured_media":0,"parent":0,"menu_order":0,"comment_status":"closed","ping_status":"closed","template":"","meta":{"inline_featured_image":false,"_uag_custom_page_level_css":"","footnotes":""},"class_list":["post-875","page","type-page","status-publish","hentry"],"yoast_head":"<!-- This site is optimized with the Yoast SEO plugin v24.7 - https:\/\/yoast.com\/wordpress\/plugins\/seo\/ -->\n<title>HIST\u00d3RIA - Slovensk\u00fd plyn\u00e1rensk\u00fd a naftov\u00fd zv\u00e4z<\/title>\n<meta name=\"robots\" content=\"index, follow, max-snippet:-1, max-image-preview:large, max-video-preview:-1\" \/>\n<link rel=\"canonical\" href=\"https:\/\/www.spnz.sk\/historia\/\" \/>\n<meta property=\"og:locale\" content=\"sk_SK\" \/>\n<meta property=\"og:type\" content=\"article\" \/>\n<meta property=\"og:title\" content=\"HIST\u00d3RIA - Slovensk\u00fd plyn\u00e1rensk\u00fd a naftov\u00fd zv\u00e4z\" \/>\n<meta property=\"og:description\" content=\"HIST\u00d3RIA 1919 Vznik PVS \u25aa Vznik Plyn\u00e1rensk\u00e9ho a vod\u00e1rensk\u00e9ho zdru\u017eenia \u010deskoslovensk\u00e9ho (PVS) v Prahe. Prv\u00fdm prezidentom PVS sa stal Ing. V. Vaigl 1929 Idea vytvorenia IGU \u25aa Idea vytvorenia Medzin\u00e1rodnej [...]\" \/>\n<meta property=\"og:url\" content=\"https:\/\/www.spnz.sk\/historia\/\" \/>\n<meta property=\"og:site_name\" content=\"Slovensk\u00fd plyn\u00e1rensk\u00fd a naftov\u00fd zv\u00e4z\" \/>\n<meta property=\"article:modified_time\" content=\"2025-10-07T06:43:19+00:00\" \/>\n<meta name=\"twitter:card\" content=\"summary_large_image\" \/>\n<meta name=\"twitter:label1\" content=\"Predpokladan\u00fd \u010das \u010d\u00edtania\" \/>\n\t<meta name=\"twitter:data1\" content=\"4 min\u00faty\" \/>\n<script type=\"application\/ld+json\" class=\"yoast-schema-graph\">{\"@context\":\"https:\/\/schema.org\",\"@graph\":[{\"@type\":\"WebPage\",\"@id\":\"https:\/\/www.spnz.sk\/historia\/\",\"url\":\"https:\/\/www.spnz.sk\/historia\/\",\"name\":\"HIST\u00d3RIA - Slovensk\u00fd plyn\u00e1rensk\u00fd a naftov\u00fd zv\u00e4z\",\"isPartOf\":{\"@id\":\"https:\/\/www.spnz.sk\/#website\"},\"datePublished\":\"2021-07-28T11:10:50+00:00\",\"dateModified\":\"2025-10-07T06:43:19+00:00\",\"breadcrumb\":{\"@id\":\"https:\/\/www.spnz.sk\/historia\/#breadcrumb\"},\"inLanguage\":\"sk-SK\",\"potentialAction\":[{\"@type\":\"ReadAction\",\"target\":[\"https:\/\/www.spnz.sk\/historia\/\"]}]},{\"@type\":\"BreadcrumbList\",\"@id\":\"https:\/\/www.spnz.sk\/historia\/#breadcrumb\",\"itemListElement\":[{\"@type\":\"ListItem\",\"position\":1,\"name\":\"Domovsk\u00e1 str\u00e1nka\",\"item\":\"https:\/\/www.spnz.sk\/\"},{\"@type\":\"ListItem\",\"position\":2,\"name\":\"HIST\u00d3RIA\"}]},{\"@type\":\"WebSite\",\"@id\":\"https:\/\/www.spnz.sk\/#website\",\"url\":\"https:\/\/www.spnz.sk\/\",\"name\":\"Slovensk\u00fd plyn\u00e1rensk\u00fd a naftov\u00fd zv\u00e4z\",\"description\":\"\",\"potentialAction\":[{\"@type\":\"SearchAction\",\"target\":{\"@type\":\"EntryPoint\",\"urlTemplate\":\"https:\/\/www.spnz.sk\/?s={search_term_string}\"},\"query-input\":{\"@type\":\"PropertyValueSpecification\",\"valueRequired\":true,\"valueName\":\"search_term_string\"}}],\"inLanguage\":\"sk-SK\"}]}<\/script>\n<!-- \/ Yoast SEO plugin. -->","yoast_head_json":{"title":"HIST\u00d3RIA - Slovensk\u00fd plyn\u00e1rensk\u00fd a naftov\u00fd zv\u00e4z","robots":{"index":"index","follow":"follow","max-snippet":"max-snippet:-1","max-image-preview":"max-image-preview:large","max-video-preview":"max-video-preview:-1"},"canonical":"https:\/\/www.spnz.sk\/historia\/","og_locale":"sk_SK","og_type":"article","og_title":"HIST\u00d3RIA - Slovensk\u00fd plyn\u00e1rensk\u00fd a naftov\u00fd zv\u00e4z","og_description":"HIST\u00d3RIA 1919 Vznik PVS \u25aa Vznik Plyn\u00e1rensk\u00e9ho a vod\u00e1rensk\u00e9ho zdru\u017eenia \u010deskoslovensk\u00e9ho (PVS) v Prahe. Prv\u00fdm prezidentom PVS sa stal Ing. V. Vaigl 1929 Idea vytvorenia IGU \u25aa Idea vytvorenia Medzin\u00e1rodnej [...]","og_url":"https:\/\/www.spnz.sk\/historia\/","og_site_name":"Slovensk\u00fd plyn\u00e1rensk\u00fd a naftov\u00fd zv\u00e4z","article_modified_time":"2025-10-07T06:43:19+00:00","twitter_card":"summary_large_image","twitter_misc":{"Predpokladan\u00fd \u010das \u010d\u00edtania":"4 min\u00faty"},"schema":{"@context":"https:\/\/schema.org","@graph":[{"@type":"WebPage","@id":"https:\/\/www.spnz.sk\/historia\/","url":"https:\/\/www.spnz.sk\/historia\/","name":"HIST\u00d3RIA - Slovensk\u00fd plyn\u00e1rensk\u00fd a naftov\u00fd zv\u00e4z","isPartOf":{"@id":"https:\/\/www.spnz.sk\/#website"},"datePublished":"2021-07-28T11:10:50+00:00","dateModified":"2025-10-07T06:43:19+00:00","breadcrumb":{"@id":"https:\/\/www.spnz.sk\/historia\/#breadcrumb"},"inLanguage":"sk-SK","potentialAction":[{"@type":"ReadAction","target":["https:\/\/www.spnz.sk\/historia\/"]}]},{"@type":"BreadcrumbList","@id":"https:\/\/www.spnz.sk\/historia\/#breadcrumb","itemListElement":[{"@type":"ListItem","position":1,"name":"Domovsk\u00e1 str\u00e1nka","item":"https:\/\/www.spnz.sk\/"},{"@type":"ListItem","position":2,"name":"HIST\u00d3RIA"}]},{"@type":"WebSite","@id":"https:\/\/www.spnz.sk\/#website","url":"https:\/\/www.spnz.sk\/","name":"Slovensk\u00fd plyn\u00e1rensk\u00fd a naftov\u00fd zv\u00e4z","description":"","potentialAction":[{"@type":"SearchAction","target":{"@type":"EntryPoint","urlTemplate":"https:\/\/www.spnz.sk\/?s={search_term_string}"},"query-input":{"@type":"PropertyValueSpecification","valueRequired":true,"valueName":"search_term_string"}}],"inLanguage":"sk-SK"}]}},"uagb_featured_image_src":{"full":false,"thumbnail":false,"medium":false,"medium_large":false,"large":false,"thumblist":false,"meccarouselthumb":false,"gridsquare":false,"tileview":false,"1536x1536":false,"2048x2048":false,"woocommerce_thumbnail":false,"woocommerce_single":false,"woocommerce_gallery_thumbnail":false},"uagb_author_info":{"display_name":"spnz-admin","author_link":"https:\/\/d.r1.wbsprt.com\/spnz.sk\/author\/spnz-admin\/"},"uagb_comment_info":0,"uagb_excerpt":"HIST\u00d3RIA 1919 Vznik PVS \u25aa Vznik Plyn\u00e1rensk\u00e9ho a vod\u00e1rensk\u00e9ho zdru\u017eenia \u010deskoslovensk\u00e9ho (PVS) v Prahe. Prv\u00fdm prezidentom PVS sa stal Ing. V. Vaigl 1929 Idea vytvorenia IGU \u25aa Idea vytvorenia Medzin\u00e1rodnej [...]","_links":{"self":[{"href":"https:\/\/d.r1.wbsprt.com\/spnz.sk\/wp-json\/wp\/v2\/pages\/875","targetHints":{"allow":["GET"]}}],"collection":[{"href":"https:\/\/d.r1.wbsprt.com\/spnz.sk\/wp-json\/wp\/v2\/pages"}],"about":[{"href":"https:\/\/d.r1.wbsprt.com\/spnz.sk\/wp-json\/wp\/v2\/types\/page"}],"author":[{"embeddable":true,"href":"https:\/\/d.r1.wbsprt.com\/spnz.sk\/wp-json\/wp\/v2\/users\/1"}],"replies":[{"embeddable":true,"href":"https:\/\/d.r1.wbsprt.com\/spnz.sk\/wp-json\/wp\/v2\/comments?post=875"}],"version-history":[{"count":29,"href":"https:\/\/d.r1.wbsprt.com\/spnz.sk\/wp-json\/wp\/v2\/pages\/875\/revisions"}],"predecessor-version":[{"id":6009,"href":"https:\/\/d.r1.wbsprt.com\/spnz.sk\/wp-json\/wp\/v2\/pages\/875\/revisions\/6009"}],"wp:attachment":[{"href":"https:\/\/d.r1.wbsprt.com\/spnz.sk\/wp-json\/wp\/v2\/media?parent=875"}],"curies":[{"name":"wp","href":"https:\/\/api.w.org\/{rel}","templated":true}]}}