{"version":"1.0","provider_name":"Farnos\u0165 Mal\u00e9 Lev\u00e1re","provider_url":"https:\/\/d.r1.wbsprt.com\/farnostmalelevare.sk","title":"Sv\u00e4t\u00fd Franti\u0161ek Salesk\u00fd, biskup, u\u010dite\u013e Cirkvi &bull; Farnos\u0165 Mal\u00e9 Lev\u00e1re","type":"rich","width":600,"height":338,"html":"<blockquote class=\"wp-embedded-content\"><a href=\"https:\/\/d.r1.wbsprt.com\/farnostmalelevare.sk\/svaty-frantisek-salesky-biskup-ucitel-cirkvi\/\">Sv\u00e4t\u00fd Franti\u0161ek Salesk\u00fd, biskup, u\u010dite\u013e Cirkvi<\/a><\/blockquote>\n<script type='text\/javascript'>\n<!--\/\/--><![CDATA[\/\/><!--\n\t\t\/*! This file is auto-generated *\/\n\t\t!function(d,l){\"use strict\";var e=!1,n=!1;if(l.querySelector)if(d.addEventListener)e=!0;if(d.wp=d.wp||{},!d.wp.receiveEmbedMessage)if(d.wp.receiveEmbedMessage=function(e){var t=e.data;if(t)if(t.secret||t.message||t.value)if(!\/[^a-zA-Z0-9]\/.test(t.secret)){for(var r,i,a,s=l.querySelectorAll('iframe[data-secret=\"'+t.secret+'\"]'),n=l.querySelectorAll('blockquote[data-secret=\"'+t.secret+'\"]'),o=new RegExp(\"^https?:$\",\"i\"),c=0;c<n.length;c++)n[c].style.display=\"none\";for(c=0;c<s.length;c++)if(r=s[c],e.source===r.contentWindow){if(r.removeAttribute(\"style\"),\"height\"===t.message){if(1e3<(a=parseInt(t.value,10)))a=1e3;else if(~~a<200)a=200;r.height=a}if(\"link\"===t.message)if(i=l.createElement(\"a\"),a=l.createElement(\"a\"),i.href=r.getAttribute(\"src\"),a.href=t.value,o.test(a.protocol))if(a.host===i.host)if(l.activeElement===r)d.top.location.href=t.value}}},e)d.addEventListener(\"message\",d.wp.receiveEmbedMessage,!1),l.addEventListener(\"DOMContentLoaded\",t,!1),d.addEventListener(\"load\",t,!1);function t(){if(!n){n=!0;for(var e,t,r=-1!==navigator.appVersion.indexOf(\"MSIE 10\"),i=!!navigator.userAgent.match(\/Trident.*rv:11\\.\/),a=l.querySelectorAll(\"iframe.wp-embedded-content\"),s=0;s<a.length;s++){if(!(e=a[s]).getAttribute(\"data-secret\"))t=Math.random().toString(36).substr(2,10),e.src+=\"#?secret=\"+t,e.setAttribute(\"data-secret\",t);if(r||i)(t=e.cloneNode(!0)).removeAttribute(\"security\"),e.parentNode.replaceChild(t,e)}}}}(window,document);\n\/\/--><!]]>\n<\/script><iframe sandbox=\"allow-scripts\" security=\"restricted\" src=\"https:\/\/d.r1.wbsprt.com\/farnostmalelevare.sk\/svaty-frantisek-salesky-biskup-ucitel-cirkvi\/embed\/\" width=\"600\" height=\"338\" title=\"&#8220;Sv\u00e4t\u00fd Franti\u0161ek Salesk\u00fd, biskup, u\u010dite\u013e Cirkvi&#8221; &#8212; Farnos\u0165 Mal\u00e9 Lev\u00e1re\" frameborder=\"0\" marginwidth=\"0\" marginheight=\"0\" scrolling=\"no\" class=\"wp-embedded-content\"><\/iframe>","description":"Dvadsiaty \u0161tvrt\u00fd janu\u00e1r je d\u0148om spomienky na sv. Franti\u0161ka Salesk\u00e9ho. \u201eV dne\u0161nej dobe, v ktorej mnoh\u00ed \u013eudia poci\u0165uj\u00fa nepokoj, \u00fazkos\u0165 a\u017e depresiu, je to pr\u00e1ve Franti\u0161ek Salesk\u00fd so svoj\u00edm postojom jednoduchosti a radosti, ktor\u00fd n\u00e1m m\u00f4\u017ee svojimi radami pom\u00f4c\u0165, ako osta\u0165 pokojn\u00fdm aj v t\u00fdch naj\u0165a\u017e\u0161\u00edch situ\u00e1ci\u00e1ch \u017eivota.\u201c (Zasv\u00e4ten\u00fd \u017eivot) O \u017eivote sv. Franti\u0161ka Salesk\u00e9ho &hellip; Pokra\u010dova\u0165 v \u010d\u00edtan\u00ed \"\"","thumbnail_url":"http:\/\/farnostmalelevare.sk\/wp-content\/uploads\/2021\/01\/Sv.-Frantisek-salesky-2-252x300.jpg"}