{"version":"1.0","provider_name":"Farnos\u0165 Mal\u00e9 Lev\u00e1re","provider_url":"https:\/\/d.r1.wbsprt.com\/farnostmalelevare.sk","title":"Sv\u00e4t\u00fd Bazil Ve\u013ek\u00fd, biskup a u\u010dite\u013e Cirkvi &bull; Farnos\u0165 Mal\u00e9 Lev\u00e1re","type":"rich","width":600,"height":338,"html":"<blockquote class=\"wp-embedded-content\"><a href=\"https:\/\/d.r1.wbsprt.com\/farnostmalelevare.sk\/svaty-bazil-velky-biskup-a-ucitel-cirkvi-spomienka\/\">Sv\u00e4t\u00fd Bazil Ve\u013ek\u00fd, biskup a u\u010dite\u013e Cirkvi<\/a><\/blockquote>\n<script type='text\/javascript'>\n<!--\/\/--><![CDATA[\/\/><!--\n\t\t\/*! This file is auto-generated *\/\n\t\t!function(d,l){\"use strict\";var e=!1,n=!1;if(l.querySelector)if(d.addEventListener)e=!0;if(d.wp=d.wp||{},!d.wp.receiveEmbedMessage)if(d.wp.receiveEmbedMessage=function(e){var t=e.data;if(t)if(t.secret||t.message||t.value)if(!\/[^a-zA-Z0-9]\/.test(t.secret)){for(var r,i,a,s=l.querySelectorAll('iframe[data-secret=\"'+t.secret+'\"]'),n=l.querySelectorAll('blockquote[data-secret=\"'+t.secret+'\"]'),o=new RegExp(\"^https?:$\",\"i\"),c=0;c<n.length;c++)n[c].style.display=\"none\";for(c=0;c<s.length;c++)if(r=s[c],e.source===r.contentWindow){if(r.removeAttribute(\"style\"),\"height\"===t.message){if(1e3<(a=parseInt(t.value,10)))a=1e3;else if(~~a<200)a=200;r.height=a}if(\"link\"===t.message)if(i=l.createElement(\"a\"),a=l.createElement(\"a\"),i.href=r.getAttribute(\"src\"),a.href=t.value,o.test(a.protocol))if(a.host===i.host)if(l.activeElement===r)d.top.location.href=t.value}}},e)d.addEventListener(\"message\",d.wp.receiveEmbedMessage,!1),l.addEventListener(\"DOMContentLoaded\",t,!1),d.addEventListener(\"load\",t,!1);function t(){if(!n){n=!0;for(var e,t,r=-1!==navigator.appVersion.indexOf(\"MSIE 10\"),i=!!navigator.userAgent.match(\/Trident.*rv:11\\.\/),a=l.querySelectorAll(\"iframe.wp-embedded-content\"),s=0;s<a.length;s++){if(!(e=a[s]).getAttribute(\"data-secret\"))t=Math.random().toString(36).substr(2,10),e.src+=\"#?secret=\"+t,e.setAttribute(\"data-secret\",t);if(r||i)(t=e.cloneNode(!0)).removeAttribute(\"security\"),e.parentNode.replaceChild(t,e)}}}}(window,document);\n\/\/--><!]]>\n<\/script><iframe sandbox=\"allow-scripts\" security=\"restricted\" src=\"https:\/\/d.r1.wbsprt.com\/farnostmalelevare.sk\/svaty-bazil-velky-biskup-a-ucitel-cirkvi-spomienka\/embed\/\" width=\"600\" height=\"338\" title=\"&#8220;Sv\u00e4t\u00fd Bazil Ve\u013ek\u00fd, biskup a u\u010dite\u013e Cirkvi&#8221; &#8212; Farnos\u0165 Mal\u00e9 Lev\u00e1re\" frameborder=\"0\" marginwidth=\"0\" marginheight=\"0\" scrolling=\"no\" class=\"wp-embedded-content\"><\/iframe>","description":"\u2026 Ani Bazil, ani Gregor neboli v\u00a0mladosti osobitne zbo\u017en\u00ed. Bazil sa usiloval o\u00a0akademick\u00fa kari\u00e9ru. Cestoval z rodn\u00e9ho Pontu (v dne\u0161nom Turecku) na \u0161t\u00fadi\u00e1 na ve\u013ek\u00fdch \u0161kol\u00e1ch sveta. Po rokoch v\u00a0At\u00e9nach a\u00a0Kon\u0161tant\u00ednopole sa vr\u00e1til domov s\u00a0odmenami a\u00a0\u00faspechmi, ale vo vn\u00fatri ho zo\u017eierala pr\u00e1zdnota. O\u00a0svojich rokoch mladosti nap\u00edsal: \u201eVe\u013ea \u010dasu som prem\u00e1rnil hl\u00fapos\u0165ami a\u00a0takmer cel\u00fa svoju mlados\u0165 &hellip; Pokra\u010dova\u0165 v \u010d\u00edtan\u00ed \"\""}